{"id":1473,"date":"2025-02-04T09:19:26","date_gmt":"2025-02-04T08:19:26","guid":{"rendered":"https:\/\/viresformacion.com\/?post_type=job_listing&#038;p=1473"},"modified":"2025-08-06T08:48:06","modified_gmt":"2025-08-06T07:48:06","slug":"docente","status":"expired","type":"job_listing","link":"https:\/\/viresformacion.com\/en\/?post_type=job_listing&p=1473","title":{"rendered":"Docente para impartir formaci\u00f3n en competencias digitales"},"content":{"rendered":"<p><strong>Buscamos 15 docentes para impartir formaci\u00f3n en competencias digitales y metodolog\u00edas activas de aprendizaje en cada una de las siguientes provincias: Ja\u00e9n, Huelva y Almer\u00eda.<\/strong><br \/>\n<strong>Total de vacantes:<\/strong> 45 (15 por provincia).<\/p>\n<h3><strong>Requisitos<\/strong><\/h3>\n<p>Debe cumplir al menos uno de estos requisitos:<\/p>\n<ul>\n<li>Titulaci\u00f3n universitaria en Educaci\u00f3n Social, Pedagog\u00eda, Magisterio, Trabajo Social, Inform\u00e1tica o equivalentes.<\/li>\n<li>Titulaci\u00f3n superior de Formaci\u00f3n Profesional en las familias profesionales de Servicios Socioculturales y a la Comunidad, Actividades F\u00edsicas y Deportivas o Inform\u00e1tica.<\/li>\n<li>Especializaci\u00f3n en competencias digitales y metodolog\u00edas activas de aprendizaje.<\/li>\n<\/ul>\n<h3><strong>Requisitos obligatorios<\/strong><\/h3>\n<ul>\n<li>Formaci\u00f3n en materia de igualdad de g\u00e9nero.<\/li>\n<\/ul>\n<h3><strong>Experiencia<\/strong><\/h3>\n<ul>\n<li>M\u00ednimo 2 a\u00f1os en alguno de los \u00e1mbitos mencionados.<\/li>\n<\/ul>\n<p>Si cumples con los requisitos y quieres formar parte de nuestro equipo, env\u00eda tu CV a trav\u00e9s del siguiente formulario:<\/p>\n\n<div class=\"wpcf7 no-js\" id=\"wpcf7-f1012-o1\" lang=\"es-ES\" dir=\"ltr\" data-wpcf7-id=\"1012\">\n<div class=\"screen-reader-response\"><p role=\"status\" aria-live=\"polite\" aria-atomic=\"true\"><\/p> <ul><\/ul><\/div>\n<form action=\"\/en\/wp-json\/wp\/v2\/job-listings\/1473#wpcf7-f1012-o1\" method=\"post\" class=\"wpcf7-form init\" aria-label=\"Contact form\" enctype=\"multipart\/form-data\" novalidate=\"novalidate\" data-status=\"init\" data-trp-original-action=\"\/en\/wp-json\/wp\/v2\/job-listings\/1473#wpcf7-f1012-o1\">\n<fieldset class=\"hidden-fields-container\"><input type=\"hidden\" name=\"_wpcf7\" value=\"1012\" \/><input type=\"hidden\" name=\"_wpcf7_version\" value=\"6.1.5\" \/><input type=\"hidden\" name=\"_wpcf7_locale\" value=\"es_ES\" \/><input type=\"hidden\" name=\"_wpcf7_unit_tag\" value=\"wpcf7-f1012-o1\" \/><input type=\"hidden\" name=\"_wpcf7_container_post\" value=\"0\" \/><input type=\"hidden\" name=\"_wpcf7_posted_data_hash\" value=\"\" \/><input type=\"hidden\" name=\"_wpcf7_recaptcha_response\" value=\"\" \/>\n<\/fieldset>\n<p><label for=\"your-name\">Name<\/label><br \/>\n<span class=\"wpcf7-form-control-wrap\" data-name=\"your-name\"><input size=\"40\" maxlength=\"400\" class=\"wpcf7-form-control wpcf7-text wpcf7-validates-as-required\" aria-required=\"true\" aria-invalid=\"false\" placeholder=\"Introduce tu nombre\" value=\"\" type=\"text\" name=\"your-name\" \/><\/span>\n<\/p>\n<p><label for=\"your-apellidos\">Apellidos<\/label><br \/>\n<span class=\"wpcf7-form-control-wrap\" data-name=\"your-apellidos\"><input size=\"40\" maxlength=\"400\" class=\"wpcf7-form-control wpcf7-text wpcf7-validates-as-required\" aria-required=\"true\" aria-invalid=\"false\" placeholder=\"Introduce tus apellidos\" value=\"\" type=\"text\" name=\"your-apellidos\" \/><\/span>\n<\/p>\n<p><label for=\"your-email\">Correo electr\u00f3nico<\/label><br \/>\n<span class=\"wpcf7-form-control-wrap\" data-name=\"your-email\"><input size=\"40\" maxlength=\"400\" class=\"wpcf7-form-control wpcf7-email wpcf7-validates-as-required wpcf7-text wpcf7-validates-as-email\" aria-required=\"true\" aria-invalid=\"false\" placeholder=\"Introduce tu correo\" value=\"\" type=\"email\" name=\"your-email\" \/><\/span>\n<\/p>\n<p><label for=\"your-phone\">Tel\u00e9fono<\/label><br \/>\n<span class=\"wpcf7-form-control-wrap\" data-name=\"your-phone\"><input size=\"40\" maxlength=\"400\" class=\"wpcf7-form-control wpcf7-tel wpcf7-validates-as-required wpcf7-text wpcf7-validates-as-tel\" aria-required=\"true\" aria-invalid=\"false\" placeholder=\"Introduce tu tel\u00e9fono\" value=\"\" type=\"tel\" name=\"your-phone\" \/><\/span>\n<\/p>\n<p><label for=\"your-cv\">Adjunta tu CV<\/label><br \/>\n<span class=\"wpcf7-form-control-wrap\" data-name=\"your-cv\"><input size=\"40\" class=\"wpcf7-form-control wpcf7-file wpcf7-validates-as-required\" accept=\".pdf\" aria-required=\"true\" aria-invalid=\"false\" type=\"file\" name=\"your-cv\" \/><\/span>\n<\/p>\n<p><input type=\"hidden\" name=\"your-subject\" value=\"Curriculum\" \/>\n<\/p>\n<p><label for=\"your-accion\">Puesto de trabajo: <\/label><br \/>\n<input type=\"text\" id=\"your-trabajo\" name=\"your-trabajo\" readonly placeholder=\"Puesto de trabajo cargando...\" value=\"\" \/>\n<\/p>\n<p><input type=\"hidden\" name=\"your-puestotrabajo\" value=\"\" \/>\n<\/p>\n\n<p><input class=\"wpcf7-form-control wpcf7-submit has-spinner\" type=\"submit\" value=\"Send\" \/>\n<\/p><div class=\"wpcf7-response-output\" aria-hidden=\"true\"><\/div>\n<input type=\"hidden\" name=\"trp-form-language\" value=\"en\"\/><\/form>\n<\/div>","protected":false},"author":2,"featured_media":35,"template":"","meta":{"_promoted":"0","_job_location":"Ja\u00e9n, Huelva, Almer\u00eda","_application":"","_company_name":"Vires Formaci\u00f3n S.L","_company_website":"","_company_tagline":"","_company_twitter":"","_company_video":"","_filled":0,"_featured":0,"_remote_position":0,"_job_salary":"","_job_salary_currency":"","_job_salary_unit":""},"job-categories":[],"job-types":[47],"class_list":{"0":"post-1473","1":"job_listing","2":"type-job_listing","3":"status-expired","4":"has-post-thumbnail","5":"hentry","7":"job-type-caducado"},"yoast_head":"<!-- This site is optimized with the Yoast SEO plugin v24.4 - https:\/\/yoast.com\/wordpress\/plugins\/seo\/ -->\n<title>Docente para impartir formaci\u00f3n en competencias digitales - ViresFormacion<\/title>\n<meta name=\"description\" content=\"Docente para impartir formaci\u00f3n en competencias digitales y metodolog\u00edas activas de aprendizaje.\" \/>\n<meta name=\"robots\" content=\"index, follow, max-snippet:-1, max-image-preview:large, max-video-preview:-1\" \/>\n<link rel=\"canonical\" href=\"https:\/\/viresformacion.com\/en\/?post_type=job_listing&p=1473\" \/>\n<meta property=\"og:locale\" content=\"en_US\" \/>\n<meta property=\"og:type\" content=\"article\" \/>\n<meta property=\"og:title\" content=\"Docente para impartir formaci\u00f3n en competencias digitales - ViresFormacion\" \/>\n<meta property=\"og:description\" content=\"Docente para impartir formaci\u00f3n en competencias digitales y metodolog\u00edas activas de aprendizaje.\" \/>\n<meta property=\"og:url\" content=\"https:\/\/viresformacion.com\/en\/?post_type=job_listing&amp;p=1473\" \/>\n<meta property=\"og:site_name\" content=\"ViresFormacion\" \/>\n<meta property=\"article:publisher\" content=\"https:\/\/www.facebook.com\/p\/Vires-Formacin-61550945501424\/?locale=es_ES\" \/>\n<meta property=\"article:modified_time\" content=\"2025-08-06T07:48:06+00:00\" \/>\n<meta property=\"og:image\" content=\"https:\/\/viresformacion.com\/wp-content\/uploads\/2024\/09\/logo.png\" \/>\n\t<meta property=\"og:image:width\" content=\"946\" \/>\n\t<meta property=\"og:image:height\" content=\"890\" \/>\n\t<meta property=\"og:image:type\" content=\"image\/png\" \/>\n<meta name=\"twitter:card\" content=\"summary_large_image\" \/>\n<meta name=\"twitter:label1\" content=\"Est. reading time\" \/>\n\t<meta name=\"twitter:data1\" content=\"1 minute\" \/>\n<script type=\"application\/ld+json\" class=\"yoast-schema-graph\">{\"@context\":\"https:\/\/schema.org\",\"@graph\":[{\"@type\":\"WebPage\",\"@id\":\"https:\/\/viresformacion.com\/?post_type=job_listing&p=1473\",\"url\":\"https:\/\/viresformacion.com\/?post_type=job_listing&p=1473\",\"name\":\"Docente para impartir formaci\u00f3n en competencias digitales - ViresFormacion\",\"isPartOf\":{\"@id\":\"https:\/\/viresformacion.com\/#website\"},\"primaryImageOfPage\":{\"@id\":\"https:\/\/viresformacion.com\/?post_type=job_listing&p=1473#primaryimage\"},\"image\":{\"@id\":\"https:\/\/viresformacion.com\/?post_type=job_listing&p=1473#primaryimage\"},\"thumbnailUrl\":\"https:\/\/viresformacion.com\/wp-content\/uploads\/2024\/09\/logo.png\",\"datePublished\":\"2025-02-04T08:19:26+00:00\",\"dateModified\":\"2025-08-06T07:48:06+00:00\",\"description\":\"Docente para impartir formaci\u00f3n en competencias digitales y metodolog\u00edas activas de aprendizaje.\",\"breadcrumb\":{\"@id\":\"https:\/\/viresformacion.com\/?post_type=job_listing&p=1473#breadcrumb\"},\"inLanguage\":\"en-US\",\"potentialAction\":[{\"@type\":\"ReadAction\",\"target\":[\"https:\/\/viresformacion.com\/?post_type=job_listing&p=1473\"]}]},{\"@type\":\"ImageObject\",\"inLanguage\":\"en-US\",\"@id\":\"https:\/\/viresformacion.com\/?post_type=job_listing&p=1473#primaryimage\",\"url\":\"https:\/\/viresformacion.com\/wp-content\/uploads\/2024\/09\/logo.png\",\"contentUrl\":\"https:\/\/viresformacion.com\/wp-content\/uploads\/2024\/09\/logo.png\",\"width\":946,\"height\":890,\"caption\":\"Docente Especializado Ley 9\/2017 Contratos Sector P\u00fablico\"},{\"@type\":\"BreadcrumbList\",\"@id\":\"https:\/\/viresformacion.com\/?post_type=job_listing&p=1473#breadcrumb\",\"itemListElement\":[{\"@type\":\"ListItem\",\"position\":1,\"name\":\"Portada\",\"item\":\"https:\/\/viresformacion.com\/\"},{\"@type\":\"ListItem\",\"position\":2,\"name\":\"Docente para impartir formaci\u00f3n en competencias digitales\"}]},{\"@type\":\"WebSite\",\"@id\":\"https:\/\/viresformacion.com\/#website\",\"url\":\"https:\/\/viresformacion.com\/\",\"name\":\"ViresFormacion\",\"description\":\"Formaci\u00f3n\",\"publisher\":{\"@id\":\"https:\/\/viresformacion.com\/#organization\"},\"potentialAction\":[{\"@type\":\"SearchAction\",\"target\":{\"@type\":\"EntryPoint\",\"urlTemplate\":\"https:\/\/viresformacion.com\/?s={search_term_string}\"},\"query-input\":{\"@type\":\"PropertyValueSpecification\",\"valueRequired\":true,\"valueName\":\"search_term_string\"}}],\"inLanguage\":\"en-US\"},{\"@type\":\"Organization\",\"@id\":\"https:\/\/viresformacion.com\/#organization\",\"name\":\"ViresFormacion\",\"url\":\"https:\/\/viresformacion.com\/\",\"logo\":{\"@type\":\"ImageObject\",\"inLanguage\":\"en-US\",\"@id\":\"https:\/\/viresformacion.com\/#\/schema\/logo\/image\/\",\"url\":\"https:\/\/viresformacion.com\/wp-content\/uploads\/2024\/09\/logo.png\",\"contentUrl\":\"https:\/\/viresformacion.com\/wp-content\/uploads\/2024\/09\/logo.png\",\"width\":946,\"height\":890,\"caption\":\"ViresFormacion\"},\"image\":{\"@id\":\"https:\/\/viresformacion.com\/#\/schema\/logo\/image\/\"},\"sameAs\":[\"https:\/\/www.facebook.com\/p\/Vires-Formacin-61550945501424\/?locale=es_ES\",\"https:\/\/www.instagram.com\/viresformacion\/?hl=es\",\"https:\/\/es.linkedin.com\/company\/vires-formacion-s-l\"]}]}<\/script>\n<!-- \/ Yoast SEO plugin. -->","yoast_head_json":{"title":"Docente para impartir formaci\u00f3n en competencias digitales - ViresFormacion","description":"Docente para impartir formaci\u00f3n en competencias digitales y metodolog\u00edas activas de aprendizaje.","robots":{"index":"index","follow":"follow","max-snippet":"max-snippet:-1","max-image-preview":"max-image-preview:large","max-video-preview":"max-video-preview:-1"},"canonical":"https:\/\/viresformacion.com\/en\/?post_type=job_listing&p=1473","og_locale":"en_US","og_type":"article","og_title":"Docente para impartir formaci\u00f3n en competencias digitales - ViresFormacion","og_description":"Docente para impartir formaci\u00f3n en competencias digitales y metodolog\u00edas activas de aprendizaje.","og_url":"https:\/\/viresformacion.com\/en\/?post_type=job_listing&p=1473","og_site_name":"ViresFormacion","article_publisher":"https:\/\/www.facebook.com\/p\/Vires-Formacin-61550945501424\/?locale=es_ES","article_modified_time":"2025-08-06T07:48:06+00:00","og_image":[{"width":946,"height":890,"url":"https:\/\/viresformacion.com\/wp-content\/uploads\/2024\/09\/logo.png","type":"image\/png"}],"twitter_card":"summary_large_image","twitter_misc":{"Est. reading time":"1 minute"},"schema":{"@context":"https:\/\/schema.org","@graph":[{"@type":"WebPage","@id":"https:\/\/viresformacion.com\/?post_type=job_listing&p=1473","url":"https:\/\/viresformacion.com\/?post_type=job_listing&p=1473","name":"Docente para impartir formaci\u00f3n en competencias digitales - ViresFormacion","isPartOf":{"@id":"https:\/\/viresformacion.com\/#website"},"primaryImageOfPage":{"@id":"https:\/\/viresformacion.com\/?post_type=job_listing&p=1473#primaryimage"},"image":{"@id":"https:\/\/viresformacion.com\/?post_type=job_listing&p=1473#primaryimage"},"thumbnailUrl":"https:\/\/viresformacion.com\/wp-content\/uploads\/2024\/09\/logo.png","datePublished":"2025-02-04T08:19:26+00:00","dateModified":"2025-08-06T07:48:06+00:00","description":"Docente para impartir formaci\u00f3n en competencias digitales y metodolog\u00edas activas de aprendizaje.","breadcrumb":{"@id":"https:\/\/viresformacion.com\/?post_type=job_listing&p=1473#breadcrumb"},"inLanguage":"en-US","potentialAction":[{"@type":"ReadAction","target":["https:\/\/viresformacion.com\/?post_type=job_listing&p=1473"]}]},{"@type":"ImageObject","inLanguage":"en-US","@id":"https:\/\/viresformacion.com\/?post_type=job_listing&p=1473#primaryimage","url":"https:\/\/viresformacion.com\/wp-content\/uploads\/2024\/09\/logo.png","contentUrl":"https:\/\/viresformacion.com\/wp-content\/uploads\/2024\/09\/logo.png","width":946,"height":890,"caption":"Docente Especializado Ley 9\/2017 Contratos Sector P\u00fablico"},{"@type":"BreadcrumbList","@id":"https:\/\/viresformacion.com\/?post_type=job_listing&p=1473#breadcrumb","itemListElement":[{"@type":"ListItem","position":1,"name":"Portada","item":"https:\/\/viresformacion.com\/"},{"@type":"ListItem","position":2,"name":"Docente para impartir formaci\u00f3n en competencias digitales"}]},{"@type":"WebSite","@id":"https:\/\/viresformacion.com\/#website","url":"https:\/\/viresformacion.com\/","name":"ViresFormacion","description":"Formaci\u00f3n","publisher":{"@id":"https:\/\/viresformacion.com\/#organization"},"potentialAction":[{"@type":"SearchAction","target":{"@type":"EntryPoint","urlTemplate":"https:\/\/viresformacion.com\/?s={search_term_string}"},"query-input":{"@type":"PropertyValueSpecification","valueRequired":true,"valueName":"search_term_string"}}],"inLanguage":"en-US"},{"@type":"Organization","@id":"https:\/\/viresformacion.com\/#organization","name":"ViresFormacion","url":"https:\/\/viresformacion.com\/","logo":{"@type":"ImageObject","inLanguage":"en-US","@id":"https:\/\/viresformacion.com\/#\/schema\/logo\/image\/","url":"https:\/\/viresformacion.com\/wp-content\/uploads\/2024\/09\/logo.png","contentUrl":"https:\/\/viresformacion.com\/wp-content\/uploads\/2024\/09\/logo.png","width":946,"height":890,"caption":"ViresFormacion"},"image":{"@id":"https:\/\/viresformacion.com\/#\/schema\/logo\/image\/"},"sameAs":["https:\/\/www.facebook.com\/p\/Vires-Formacin-61550945501424\/?locale=es_ES","https:\/\/www.instagram.com\/viresformacion\/?hl=es","https:\/\/es.linkedin.com\/company\/vires-formacion-s-l"]}]}},"_links":{"self":[{"href":"https:\/\/viresformacion.com\/en\/wp-json\/wp\/v2\/job-listings\/1473","targetHints":{"allow":["GET"]}}],"collection":[{"href":"https:\/\/viresformacion.com\/en\/wp-json\/wp\/v2\/job-listings"}],"about":[{"href":"https:\/\/viresformacion.com\/en\/wp-json\/wp\/v2\/types\/job_listing"}],"author":[{"embeddable":true,"href":"https:\/\/viresformacion.com\/en\/wp-json\/wp\/v2\/users\/2"}],"wp:featuredmedia":[{"embeddable":true,"href":"https:\/\/viresformacion.com\/en\/wp-json\/wp\/v2\/media\/35"}],"wp:attachment":[{"href":"https:\/\/viresformacion.com\/en\/wp-json\/wp\/v2\/media?parent=1473"}],"wp:term":[{"taxonomy":"job_listing_category","embeddable":true,"href":"https:\/\/viresformacion.com\/en\/wp-json\/wp\/v2\/job-categories?post=1473"},{"taxonomy":"job_listing_type","embeddable":true,"href":"https:\/\/viresformacion.com\/en\/wp-json\/wp\/v2\/job-types?post=1473"}],"curies":[{"name":"wp","href":"https:\/\/api.w.org\/{rel}","templated":true}]}}