{"id":3163,"date":"2025-08-06T08:28:19","date_gmt":"2025-08-06T07:28:19","guid":{"rendered":"https:\/\/viresformacion.com\/?post_type=job_listing&#038;p=3163"},"modified":"2025-08-06T08:28:19","modified_gmt":"2025-08-06T07:28:19","slug":"docente-certificado-de-profesionalidad-rama-administrativa","status":"publish","type":"job_listing","link":"https:\/\/viresformacion.com\/en\/job\/docente-certificado-de-profesionalidad-rama-administrativa\/","title":{"rendered":"DOCENTE \u2013 CERTIFICADO DE PROFESIONALIDAD (RAMA ADMINISTRATIVA)"},"content":{"rendered":"<p>\ud83d\udd39<strong> DOCENTE \u2013 CERTIFICADO DE PROFESIONALIDAD (RAMA ADMINISTRATIVA)<\/strong><br \/>\n\ud83d\udccd Lugar de impartici\u00f3n: <strong>Vires Formaci\u00f3n, Alcal\u00e1 la Real (Avd. Iberoam\u00e9rica 11 bajo).<\/strong><br \/>\n\ud83d\uddd3 Fecha de inicio prevista: <strong>Octubre 2025<\/strong><br \/>\n\u23f1 Jornada: <strong>Completa<\/strong><\/p>\n<p><strong>Requisitos indispensables:<\/strong><br \/>\n<strong>\u2022 <\/strong>Titulaci\u00f3n m\u00ednima: <strong>T\u00e9cnico\/a Superior o equivalente, relacionada con la administraci\u00f3n<\/strong><br \/>\n\u2022 <strong>Experiencia profesional m\u00ednima de 1 a\u00f1o<\/strong><br \/>\n\u2022 Acreditaci\u00f3n de competencia docente: <strong>CAP, M\u00e1ster del Profesorado o experiencia docente superior a 600 horas<\/strong><\/p>\n<p>Si cumples con los requisitos y quieres formar parte de nuestro equipo, env\u00eda tu CV a trav\u00e9s del siguiente formulario:<\/p>\n\n<div class=\"wpcf7 no-js\" id=\"wpcf7-f1012-o1\" lang=\"es-ES\" dir=\"ltr\" data-wpcf7-id=\"1012\">\n<div class=\"screen-reader-response\"><p role=\"status\" aria-live=\"polite\" aria-atomic=\"true\"><\/p> <ul><\/ul><\/div>\n<form action=\"\/en\/wp-json\/wp\/v2\/job-listings\/3163#wpcf7-f1012-o1\" method=\"post\" class=\"wpcf7-form init\" aria-label=\"Contact form\" enctype=\"multipart\/form-data\" novalidate=\"novalidate\" data-status=\"init\" data-trp-original-action=\"\/en\/wp-json\/wp\/v2\/job-listings\/3163#wpcf7-f1012-o1\">\n<fieldset class=\"hidden-fields-container\"><input type=\"hidden\" name=\"_wpcf7\" value=\"1012\" \/><input type=\"hidden\" name=\"_wpcf7_version\" value=\"6.1.5\" \/><input type=\"hidden\" name=\"_wpcf7_locale\" value=\"es_ES\" \/><input type=\"hidden\" name=\"_wpcf7_unit_tag\" value=\"wpcf7-f1012-o1\" \/><input type=\"hidden\" name=\"_wpcf7_container_post\" value=\"0\" \/><input type=\"hidden\" name=\"_wpcf7_posted_data_hash\" value=\"\" \/><input type=\"hidden\" name=\"_wpcf7_recaptcha_response\" value=\"\" \/>\n<\/fieldset>\n<p><label for=\"your-name\">Name<\/label><br \/>\n<span class=\"wpcf7-form-control-wrap\" data-name=\"your-name\"><input size=\"40\" maxlength=\"400\" class=\"wpcf7-form-control wpcf7-text wpcf7-validates-as-required\" aria-required=\"true\" aria-invalid=\"false\" placeholder=\"Introduce tu nombre\" value=\"\" type=\"text\" name=\"your-name\" \/><\/span>\n<\/p>\n<p><label for=\"your-apellidos\">Apellidos<\/label><br \/>\n<span class=\"wpcf7-form-control-wrap\" data-name=\"your-apellidos\"><input size=\"40\" maxlength=\"400\" class=\"wpcf7-form-control wpcf7-text wpcf7-validates-as-required\" aria-required=\"true\" aria-invalid=\"false\" placeholder=\"Introduce tus apellidos\" value=\"\" type=\"text\" name=\"your-apellidos\" \/><\/span>\n<\/p>\n<p><label for=\"your-email\">Correo electr\u00f3nico<\/label><br \/>\n<span class=\"wpcf7-form-control-wrap\" data-name=\"your-email\"><input size=\"40\" maxlength=\"400\" class=\"wpcf7-form-control wpcf7-email wpcf7-validates-as-required wpcf7-text wpcf7-validates-as-email\" aria-required=\"true\" aria-invalid=\"false\" placeholder=\"Introduce tu correo\" value=\"\" type=\"email\" name=\"your-email\" \/><\/span>\n<\/p>\n<p><label for=\"your-phone\">Tel\u00e9fono<\/label><br \/>\n<span class=\"wpcf7-form-control-wrap\" data-name=\"your-phone\"><input size=\"40\" maxlength=\"400\" class=\"wpcf7-form-control wpcf7-tel wpcf7-validates-as-required wpcf7-text wpcf7-validates-as-tel\" aria-required=\"true\" aria-invalid=\"false\" placeholder=\"Introduce tu tel\u00e9fono\" value=\"\" type=\"tel\" name=\"your-phone\" \/><\/span>\n<\/p>\n<p><label for=\"your-cv\">Adjunta tu CV<\/label><br \/>\n<span class=\"wpcf7-form-control-wrap\" data-name=\"your-cv\"><input size=\"40\" class=\"wpcf7-form-control wpcf7-file wpcf7-validates-as-required\" accept=\".pdf\" aria-required=\"true\" aria-invalid=\"false\" type=\"file\" name=\"your-cv\" \/><\/span>\n<\/p>\n<p><input type=\"hidden\" name=\"your-subject\" value=\"Curriculum\" \/>\n<\/p>\n<p><label for=\"your-accion\">Puesto de trabajo: <\/label><br \/>\n<input type=\"text\" id=\"your-trabajo\" name=\"your-trabajo\" readonly placeholder=\"Puesto de trabajo cargando...\" value=\"\" \/>\n<\/p>\n<p><input type=\"hidden\" name=\"your-puestotrabajo\" value=\"\" \/>\n<\/p>\n\n<p><input class=\"wpcf7-form-control wpcf7-submit has-spinner\" type=\"submit\" value=\"Send\" \/>\n<\/p><div class=\"wpcf7-response-output\" aria-hidden=\"true\"><\/div>\n<input type=\"hidden\" name=\"trp-form-language\" value=\"en\"\/><\/form>\n<\/div>","protected":false},"author":2,"featured_media":35,"template":"","meta":{"_promoted":"0","_job_location":"Alcal\u00e1 la Real","_application":"","_company_name":"Vires Formaci\u00f3n S.L","_company_website":"","_company_tagline":"","_company_twitter":"","_company_video":"","_filled":0,"_featured":0,"_remote_position":0,"_job_salary":"","_job_salary_currency":"","_job_salary_unit":""},"job-categories":[],"job-types":[44],"class_list":{"0":"post-3163","1":"job_listing","2":"type-job_listing","3":"status-publish","4":"has-post-thumbnail","5":"hentry","7":"job-type-urgente"},"yoast_head":"<!-- This site is optimized with the Yoast SEO plugin v24.4 - https:\/\/yoast.com\/wordpress\/plugins\/seo\/ -->\n<title>DOCENTE \u2013 CERTIFICADO DE PROFESIONALIDAD (RAMA ADMINISTRATIVA) - ViresFormacion<\/title>\n<meta name=\"description\" content=\"Docente acreditado para impartir Certificados de Profesionalidad en la rama administrativa.\" \/>\n<meta name=\"robots\" content=\"index, follow, max-snippet:-1, max-image-preview:large, max-video-preview:-1\" \/>\n<link rel=\"canonical\" href=\"https:\/\/viresformacion.com\/en\/trabajo\/docente-certificado-de-profesionalidad-rama-administrativa\/\" \/>\n<meta property=\"og:locale\" content=\"en_US\" \/>\n<meta property=\"og:type\" content=\"article\" \/>\n<meta property=\"og:title\" content=\"DOCENTE \u2013 CERTIFICADO DE PROFESIONALIDAD (RAMA ADMINISTRATIVA) - ViresFormacion\" \/>\n<meta property=\"og:description\" content=\"Docente acreditado para impartir Certificados de Profesionalidad en la rama administrativa.\" \/>\n<meta property=\"og:url\" content=\"https:\/\/viresformacion.com\/en\/trabajo\/docente-certificado-de-profesionalidad-rama-administrativa\/\" \/>\n<meta property=\"og:site_name\" content=\"ViresFormacion\" \/>\n<meta property=\"article:publisher\" content=\"https:\/\/www.facebook.com\/p\/Vires-Formacin-61550945501424\/?locale=es_ES\" \/>\n<meta property=\"og:image\" content=\"https:\/\/viresformacion.com\/wp-content\/uploads\/2024\/09\/logo.png\" \/>\n\t<meta property=\"og:image:width\" content=\"946\" \/>\n\t<meta property=\"og:image:height\" content=\"890\" \/>\n\t<meta property=\"og:image:type\" content=\"image\/png\" \/>\n<meta name=\"twitter:card\" content=\"summary_large_image\" \/>\n<meta name=\"twitter:label1\" content=\"Est. reading time\" \/>\n\t<meta name=\"twitter:data1\" content=\"1 minute\" \/>\n<script type=\"application\/ld+json\" class=\"yoast-schema-graph\">{\"@context\":\"https:\/\/schema.org\",\"@graph\":[{\"@type\":\"WebPage\",\"@id\":\"https:\/\/viresformacion.com\/trabajo\/docente-certificado-de-profesionalidad-rama-administrativa\/\",\"url\":\"https:\/\/viresformacion.com\/trabajo\/docente-certificado-de-profesionalidad-rama-administrativa\/\",\"name\":\"DOCENTE \u2013 CERTIFICADO DE PROFESIONALIDAD (RAMA ADMINISTRATIVA) - ViresFormacion\",\"isPartOf\":{\"@id\":\"https:\/\/viresformacion.com\/#website\"},\"primaryImageOfPage\":{\"@id\":\"https:\/\/viresformacion.com\/trabajo\/docente-certificado-de-profesionalidad-rama-administrativa\/#primaryimage\"},\"image\":{\"@id\":\"https:\/\/viresformacion.com\/trabajo\/docente-certificado-de-profesionalidad-rama-administrativa\/#primaryimage\"},\"thumbnailUrl\":\"https:\/\/viresformacion.com\/wp-content\/uploads\/2024\/09\/logo.png\",\"datePublished\":\"2025-08-06T07:28:19+00:00\",\"description\":\"Docente acreditado para impartir Certificados de Profesionalidad en la rama administrativa.\",\"breadcrumb\":{\"@id\":\"https:\/\/viresformacion.com\/trabajo\/docente-certificado-de-profesionalidad-rama-administrativa\/#breadcrumb\"},\"inLanguage\":\"en-US\",\"potentialAction\":[{\"@type\":\"ReadAction\",\"target\":[\"https:\/\/viresformacion.com\/trabajo\/docente-certificado-de-profesionalidad-rama-administrativa\/\"]}]},{\"@type\":\"ImageObject\",\"inLanguage\":\"en-US\",\"@id\":\"https:\/\/viresformacion.com\/trabajo\/docente-certificado-de-profesionalidad-rama-administrativa\/#primaryimage\",\"url\":\"https:\/\/viresformacion.com\/wp-content\/uploads\/2024\/09\/logo.png\",\"contentUrl\":\"https:\/\/viresformacion.com\/wp-content\/uploads\/2024\/09\/logo.png\",\"width\":946,\"height\":890,\"caption\":\"Docente Especializado Ley 9\/2017 Contratos Sector P\u00fablico\"},{\"@type\":\"BreadcrumbList\",\"@id\":\"https:\/\/viresformacion.com\/trabajo\/docente-certificado-de-profesionalidad-rama-administrativa\/#breadcrumb\",\"itemListElement\":[{\"@type\":\"ListItem\",\"position\":1,\"name\":\"Portada\",\"item\":\"https:\/\/viresformacion.com\/\"},{\"@type\":\"ListItem\",\"position\":2,\"name\":\"DOCENTE \u2013 CERTIFICADO DE PROFESIONALIDAD (RAMA ADMINISTRATIVA)\"}]},{\"@type\":\"WebSite\",\"@id\":\"https:\/\/viresformacion.com\/#website\",\"url\":\"https:\/\/viresformacion.com\/\",\"name\":\"ViresFormacion\",\"description\":\"Formaci\u00f3n\",\"publisher\":{\"@id\":\"https:\/\/viresformacion.com\/#organization\"},\"potentialAction\":[{\"@type\":\"SearchAction\",\"target\":{\"@type\":\"EntryPoint\",\"urlTemplate\":\"https:\/\/viresformacion.com\/?s={search_term_string}\"},\"query-input\":{\"@type\":\"PropertyValueSpecification\",\"valueRequired\":true,\"valueName\":\"search_term_string\"}}],\"inLanguage\":\"en-US\"},{\"@type\":\"Organization\",\"@id\":\"https:\/\/viresformacion.com\/#organization\",\"name\":\"ViresFormacion\",\"url\":\"https:\/\/viresformacion.com\/\",\"logo\":{\"@type\":\"ImageObject\",\"inLanguage\":\"en-US\",\"@id\":\"https:\/\/viresformacion.com\/#\/schema\/logo\/image\/\",\"url\":\"https:\/\/viresformacion.com\/wp-content\/uploads\/2024\/09\/logo.png\",\"contentUrl\":\"https:\/\/viresformacion.com\/wp-content\/uploads\/2024\/09\/logo.png\",\"width\":946,\"height\":890,\"caption\":\"ViresFormacion\"},\"image\":{\"@id\":\"https:\/\/viresformacion.com\/#\/schema\/logo\/image\/\"},\"sameAs\":[\"https:\/\/www.facebook.com\/p\/Vires-Formacin-61550945501424\/?locale=es_ES\",\"https:\/\/www.instagram.com\/viresformacion\/?hl=es\",\"https:\/\/es.linkedin.com\/company\/vires-formacion-s-l\"]}]}<\/script>\n<!-- \/ Yoast SEO plugin. -->","yoast_head_json":{"title":"DOCENTE \u2013 CERTIFICADO DE PROFESIONALIDAD (RAMA ADMINISTRATIVA) - ViresFormacion","description":"Docente acreditado para impartir Certificados de Profesionalidad en la rama administrativa.","robots":{"index":"index","follow":"follow","max-snippet":"max-snippet:-1","max-image-preview":"max-image-preview:large","max-video-preview":"max-video-preview:-1"},"canonical":"https:\/\/viresformacion.com\/en\/trabajo\/docente-certificado-de-profesionalidad-rama-administrativa\/","og_locale":"en_US","og_type":"article","og_title":"DOCENTE \u2013 CERTIFICADO DE PROFESIONALIDAD (RAMA ADMINISTRATIVA) - ViresFormacion","og_description":"Docente acreditado para impartir Certificados de Profesionalidad en la rama administrativa.","og_url":"https:\/\/viresformacion.com\/en\/trabajo\/docente-certificado-de-profesionalidad-rama-administrativa\/","og_site_name":"ViresFormacion","article_publisher":"https:\/\/www.facebook.com\/p\/Vires-Formacin-61550945501424\/?locale=es_ES","og_image":[{"width":946,"height":890,"url":"https:\/\/viresformacion.com\/wp-content\/uploads\/2024\/09\/logo.png","type":"image\/png"}],"twitter_card":"summary_large_image","twitter_misc":{"Est. reading time":"1 minute"},"schema":{"@context":"https:\/\/schema.org","@graph":[{"@type":"WebPage","@id":"https:\/\/viresformacion.com\/trabajo\/docente-certificado-de-profesionalidad-rama-administrativa\/","url":"https:\/\/viresformacion.com\/trabajo\/docente-certificado-de-profesionalidad-rama-administrativa\/","name":"DOCENTE \u2013 CERTIFICADO DE PROFESIONALIDAD (RAMA ADMINISTRATIVA) - ViresFormacion","isPartOf":{"@id":"https:\/\/viresformacion.com\/#website"},"primaryImageOfPage":{"@id":"https:\/\/viresformacion.com\/trabajo\/docente-certificado-de-profesionalidad-rama-administrativa\/#primaryimage"},"image":{"@id":"https:\/\/viresformacion.com\/trabajo\/docente-certificado-de-profesionalidad-rama-administrativa\/#primaryimage"},"thumbnailUrl":"https:\/\/viresformacion.com\/wp-content\/uploads\/2024\/09\/logo.png","datePublished":"2025-08-06T07:28:19+00:00","description":"Docente acreditado para impartir Certificados de Profesionalidad en la rama administrativa.","breadcrumb":{"@id":"https:\/\/viresformacion.com\/trabajo\/docente-certificado-de-profesionalidad-rama-administrativa\/#breadcrumb"},"inLanguage":"en-US","potentialAction":[{"@type":"ReadAction","target":["https:\/\/viresformacion.com\/trabajo\/docente-certificado-de-profesionalidad-rama-administrativa\/"]}]},{"@type":"ImageObject","inLanguage":"en-US","@id":"https:\/\/viresformacion.com\/trabajo\/docente-certificado-de-profesionalidad-rama-administrativa\/#primaryimage","url":"https:\/\/viresformacion.com\/wp-content\/uploads\/2024\/09\/logo.png","contentUrl":"https:\/\/viresformacion.com\/wp-content\/uploads\/2024\/09\/logo.png","width":946,"height":890,"caption":"Docente Especializado Ley 9\/2017 Contratos Sector P\u00fablico"},{"@type":"BreadcrumbList","@id":"https:\/\/viresformacion.com\/trabajo\/docente-certificado-de-profesionalidad-rama-administrativa\/#breadcrumb","itemListElement":[{"@type":"ListItem","position":1,"name":"Portada","item":"https:\/\/viresformacion.com\/"},{"@type":"ListItem","position":2,"name":"DOCENTE \u2013 CERTIFICADO DE PROFESIONALIDAD (RAMA ADMINISTRATIVA)"}]},{"@type":"WebSite","@id":"https:\/\/viresformacion.com\/#website","url":"https:\/\/viresformacion.com\/","name":"ViresFormacion","description":"Formaci\u00f3n","publisher":{"@id":"https:\/\/viresformacion.com\/#organization"},"potentialAction":[{"@type":"SearchAction","target":{"@type":"EntryPoint","urlTemplate":"https:\/\/viresformacion.com\/?s={search_term_string}"},"query-input":{"@type":"PropertyValueSpecification","valueRequired":true,"valueName":"search_term_string"}}],"inLanguage":"en-US"},{"@type":"Organization","@id":"https:\/\/viresformacion.com\/#organization","name":"ViresFormacion","url":"https:\/\/viresformacion.com\/","logo":{"@type":"ImageObject","inLanguage":"en-US","@id":"https:\/\/viresformacion.com\/#\/schema\/logo\/image\/","url":"https:\/\/viresformacion.com\/wp-content\/uploads\/2024\/09\/logo.png","contentUrl":"https:\/\/viresformacion.com\/wp-content\/uploads\/2024\/09\/logo.png","width":946,"height":890,"caption":"ViresFormacion"},"image":{"@id":"https:\/\/viresformacion.com\/#\/schema\/logo\/image\/"},"sameAs":["https:\/\/www.facebook.com\/p\/Vires-Formacin-61550945501424\/?locale=es_ES","https:\/\/www.instagram.com\/viresformacion\/?hl=es","https:\/\/es.linkedin.com\/company\/vires-formacion-s-l"]}]}},"_links":{"self":[{"href":"https:\/\/viresformacion.com\/en\/wp-json\/wp\/v2\/job-listings\/3163","targetHints":{"allow":["GET"]}}],"collection":[{"href":"https:\/\/viresformacion.com\/en\/wp-json\/wp\/v2\/job-listings"}],"about":[{"href":"https:\/\/viresformacion.com\/en\/wp-json\/wp\/v2\/types\/job_listing"}],"author":[{"embeddable":true,"href":"https:\/\/viresformacion.com\/en\/wp-json\/wp\/v2\/users\/2"}],"wp:featuredmedia":[{"embeddable":true,"href":"https:\/\/viresformacion.com\/en\/wp-json\/wp\/v2\/media\/35"}],"wp:attachment":[{"href":"https:\/\/viresformacion.com\/en\/wp-json\/wp\/v2\/media?parent=3163"}],"wp:term":[{"taxonomy":"job_listing_category","embeddable":true,"href":"https:\/\/viresformacion.com\/en\/wp-json\/wp\/v2\/job-categories?post=3163"},{"taxonomy":"job_listing_type","embeddable":true,"href":"https:\/\/viresformacion.com\/en\/wp-json\/wp\/v2\/job-types?post=3163"}],"curies":[{"name":"wp","href":"https:\/\/api.w.org\/{rel}","templated":true}]}}